{"id":23,"date":"2022-09-07T14:07:09","date_gmt":"2022-09-07T14:07:09","guid":{"rendered":"http:\/\/azugyvedem.superpc.hu\/?page_id=23"},"modified":"2022-09-07T14:07:09","modified_gmt":"2022-09-07T14:07:09","slug":"dijazas","status":"publish","type":"page","link":"https:\/\/azugyvedem.hu\/index.php\/dijazas\/","title":{"rendered":"D\u00edjaz\u00e1s"},"content":{"rendered":"\n<p>Az \u00fcgyv\u00e9di tev\u00e9kenys\u00e9gr\u0151l sz\u00f3l\u00f3 2017. \u00e9vi LXXVIII. t\u00f6rv\u00e9ny szerint az \u00fcgyv\u00e9det a tev\u00e9kenys\u00e9g\u00e9\u00e9rt megb\u00edz\u00e1si d\u00edj \u00e9s k\u00f6lts\u00e9gt\u00e9r\u00edt\u00e9s illeti meg. A megb\u00edz\u00e1si d\u00edj az \u00fcgyf\u00e9l \u00e9s az \u00fcgyv\u00e9d k\u00f6z\u00f6tti szabad meg\u00e1llapod\u00e1s t\u00e1rgya. Az \u00fcgyv\u00e9di munkad\u00edj v\u00e1rhat\u00f3 nagys\u00e1g\u00e1r\u00f3l az els\u0151 konzult\u00e1ci\u00f3 alkalm\u00e1val ad t\u00e1j\u00e9koztat\u00e1st az \u00fcgyv\u00e9d. Megb\u00edz\u00e1s l\u00e9trej\u00f6tte eset\u00e9n a megb\u00edz\u00e1si szerz\u0151d\u00e9s tartalmazza a t\u00e9ny\u00e1ll\u00e1st, a felek jogait \u00e9s k\u00f6telezetts\u00e9geit valamint a megb\u00edz\u00e1si d\u00edjat \u00e9s annak esed\u00e9kess\u00e9g\u00e9t.<\/p>\n\n\n\n<p>Konkr\u00e9t \u00e1raj\u00e1nlatot az adott \u00fcgy megismer\u00e9s\u00e9t k\u00f6vet\u0151en, a konkr\u00e9t \u00fcgy ismeret\u00e9ben adhat az \u00fcgyv\u00e9d. A munkad\u00edj \u00f6sszege att\u00f3l f\u00fcgg, hogy az \u00fcgy mennyire \u00f6sszetett, mekkora az \u00fcgylet t\u00e1rgy\u00e1nak \u00e9rt\u00e9ke, \u00e9s ennek ell\u00e1t\u00e1s\u00e1hoz milyen m\u00e9rt\u00e9k\u0171 \u00fcgyv\u00e9di felel\u0151ss\u00e9g tartozik. Kiemelt figyelmet ford\u00edtunk arra, hogy \u00fcgyfeleink r\u00e9sz\u00e9re k\u00f6lts\u00e9gk\u00edm\u00e9l\u0151 \u00e9s hat\u00e9kony jogi megold\u00e1sokat javasoljunk.<\/p>\n\n\n\n<p>A megb\u00edz\u00e1s l\u00e9trej\u00f6ttekor \u00e9s az \u00fcgyv\u00e9di munka megkezd\u00e9sekor, munkad\u00edj el\u0151leg ker\u00fcl meg\u00e1llap\u00edt\u00e1sra.<\/p>\n\n\n\n<p>Az elj\u00e1r\u00e1s sor\u00e1n felmer\u00fcl\u0151 k\u00f6lts\u00e9geket (illet\u00e9k, szak\u00e9rt\u0151i d\u00edjak, egy\u00e9b k\u00f6lts\u00e9geket pl: tulajdoni lap, postai k\u00f6lts\u00e9gek) a megb\u00edz\u00f3 k\u00f6teles el\u0151legezni.<\/p>\n\n\n\n<p>Polg\u00e1ri perben az elj\u00e1r\u00f3 b\u00edr\u00f3s\u00e1got a felek meg\u00e1llapod\u00e1sa az \u00fcgyv\u00e9di d\u00edj m\u00e9rt\u00e9k\u00e9re vonatkoz\u00f3an nem k\u00f6ti. A b\u00edr\u00f3s\u00e1gi elj\u00e1r\u00e1sban meg\u00e1llap\u00edthat\u00f3 \u00fcgyv\u00e9di k\u00f6lts\u00e9gekr\u0151l rendelkez\u0151 32\/2003.(VIII.22.) IM. rendeletben meghat\u00e1rozott d\u00edjak alapulv\u00e9tel\u00e9vel \u2013megb\u00edz\u00e1si szerz\u0151d\u00e9s beny\u00fajt\u00e1s\u00e1val- k\u00e9rj\u00fck annak meg\u00e1llap\u00edt\u00e1s\u00e1t.<\/p>\n\n\n\n<p>A b\u00edr\u00f3s\u00e1g a munkad\u00edjat &#8211; k\u00fcl\u00f6n\u00f6sen az \u00fcgy bonyolults\u00e1ga eset\u00e9n a fentiekn\u00e9l magasabb \u00f6sszegben is meg\u00e1llap\u00edthatja, de ebben az esetben sem \u00edt\u00e9lhet meg t\u00f6bbet, mint az \u00fcgyv\u00e9d \u00e9s \u00fcgyfele k\u00f6z\u00f6tt l\u00e9trej\u00f6tt megb\u00edz\u00e1si szerz\u0151d\u00e9sben foglalt munkad\u00edj.<\/p>\n\n\n\n<p>Az \u00fcgyv\u00e9di d\u00edj fenti sz\u00e1m\u00edt\u00e1s szerinti \u00f6sszege a tev\u00e9kenys\u00e9g ellen\u00e9rt\u00e9k\u00e9t terhel\u0151 \u00e1ltal\u00e1nos forgalmi ad\u00f3 \u00f6sszeg\u00e9t nem tartalmazza; azt &#8211; k\u00fcl\u00f6n jogszab\u00e1ly rendelkez\u00e9sei szerint &#8211; a d\u00edj \u00f6sszeg\u00e9n fel\u00fcl kell felsz\u00e1m\u00edtani.<\/p>\n","protected":false},"excerpt":{"rendered":"<p>Az \u00fcgyv\u00e9di tev\u00e9kenys\u00e9gr\u0151l sz\u00f3l\u00f3 2017. \u00e9vi LXXVIII. t\u00f6rv\u00e9ny szerint az \u00fcgyv\u00e9det a tev\u00e9kenys\u00e9g\u00e9\u00e9rt megb\u00edz\u00e1si d\u00edj \u00e9s k\u00f6lts\u00e9gt\u00e9r\u00edt\u00e9s illeti meg. A megb\u00edz\u00e1si d\u00edj az \u00fcgyf\u00e9l \u00e9s az \u00fcgyv\u00e9d k\u00f6z\u00f6tti szabad meg\u00e1llapod\u00e1s t\u00e1rgya. Az \u00fcgyv\u00e9di munkad\u00edj v\u00e1rhat\u00f3 nagys\u00e1g\u00e1r\u00f3l az els\u0151 konzult\u00e1ci\u00f3 alkalm\u00e1val ad t\u00e1j\u00e9koztat\u00e1st az \u00fcgyv\u00e9d. Megb\u00edz\u00e1s l\u00e9trej\u00f6tte eset\u00e9n a megb\u00edz\u00e1si szerz\u0151d\u00e9s tartalmazza a t\u00e9ny\u00e1ll\u00e1st, a felek [&hellip;]<\/p>\n","protected":false},"author":1,"featured_media":0,"parent":0,"menu_order":0,"comment_status":"closed","ping_status":"closed","template":"","meta":{"_monsterinsights_skip_tracking":false,"_monsterinsights_sitenote_active":false,"_monsterinsights_sitenote_note":"","_monsterinsights_sitenote_category":0,"footnotes":""},"class_list":["post-23","page","type-page","status-publish","hentry"],"_links":{"self":[{"href":"https:\/\/azugyvedem.hu\/index.php\/wp-json\/wp\/v2\/pages\/23","targetHints":{"allow":["GET"]}}],"collection":[{"href":"https:\/\/azugyvedem.hu\/index.php\/wp-json\/wp\/v2\/pages"}],"about":[{"href":"https:\/\/azugyvedem.hu\/index.php\/wp-json\/wp\/v2\/types\/page"}],"author":[{"embeddable":true,"href":"https:\/\/azugyvedem.hu\/index.php\/wp-json\/wp\/v2\/users\/1"}],"replies":[{"embeddable":true,"href":"https:\/\/azugyvedem.hu\/index.php\/wp-json\/wp\/v2\/comments?post=23"}],"version-history":[{"count":1,"href":"https:\/\/azugyvedem.hu\/index.php\/wp-json\/wp\/v2\/pages\/23\/revisions"}],"predecessor-version":[{"id":24,"href":"https:\/\/azugyvedem.hu\/index.php\/wp-json\/wp\/v2\/pages\/23\/revisions\/24"}],"wp:attachment":[{"href":"https:\/\/azugyvedem.hu\/index.php\/wp-json\/wp\/v2\/media?parent=23"}],"curies":[{"name":"wp","href":"https:\/\/api.w.org\/{rel}","templated":true}]}}